{"id":4353,"date":"2022-03-26T12:19:12","date_gmt":"2022-03-26T12:19:12","guid":{"rendered":"https:\/\/vivesanlucardebarrameda.es\/restaurant\/taberna-barbarroja-2\/"},"modified":"2023-02-28T11:32:56","modified_gmt":"2023-02-28T11:32:56","slug":"taberna-barbarroja","status":"publish","type":"restaurant","link":"https:\/\/vivesanlucardebarrameda.es\/fr\/restaurant\/taberna-barbarroja\/","title":{"rendered":"TABERNA BARBARROJA"},"content":{"rendered":"\t\t<div data-elementor-type=\"wp-post\" data-elementor-id=\"4353\" class=\"elementor elementor-4353\">\n\t\t\t\t\t\t<section class=\"elementor-section elementor-top-section elementor-element elementor-element-2f471471 elementor-section-boxed elementor-section-height-default elementor-section-height-default\" data-id=\"2f471471\" data-element_type=\"section\">\n\t\t\t\t\t\t<div class=\"elementor-container elementor-column-gap-default\">\n\t\t\t\t\t<div class=\"elementor-column elementor-col-100 elementor-top-column elementor-element elementor-element-6ea92f45\" data-id=\"6ea92f45\" data-element_type=\"column\">\n\t\t\t<div class=\"elementor-widget-wrap elementor-element-populated\">\n\t\t\t\t\t\t<div class=\"elementor-element elementor-element-22f591a2 elementor-arrows-position-inside elementor-widget elementor-widget-image-carousel\" data-id=\"22f591a2\" data-element_type=\"widget\" data-settings=\"{&quot;slides_to_show&quot;:&quot;1&quot;,&quot;navigation&quot;:&quot;arrows&quot;,&quot;autoplay_speed&quot;:1000,&quot;autoplay&quot;:&quot;yes&quot;,&quot;pause_on_hover&quot;:&quot;yes&quot;,&quot;pause_on_interaction&quot;:&quot;yes&quot;,&quot;infinite&quot;:&quot;yes&quot;,&quot;effect&quot;:&quot;slide&quot;,&quot;speed&quot;:500}\" data-widget_type=\"image-carousel.default\">\n\t\t\t\t<div class=\"elementor-widget-container\">\n\t\t\t\t\t<div class=\"elementor-image-carousel-wrapper swiper\" dir=\"ltr\">\n\t\t\t<div class=\"elementor-image-carousel swiper-wrapper\" aria-live=\"off\">\n\t\t\t\t\t\t\t\t<div class=\"swiper-slide\" role=\"group\" aria-roledescription=\"slide\" aria-label=\"1 sur 5\"><figure class=\"swiper-slide-inner\"><img decoding=\"async\" class=\"swiper-slide-image\" src=\"https:\/\/vivesanlucardebarrameda.es\/wp-content\/uploads\/2022\/03\/01-6.jpg\" alt=\"01\" \/><\/figure><\/div><div class=\"swiper-slide\" role=\"group\" aria-roledescription=\"slide\" aria-label=\"2 sur 5\"><figure class=\"swiper-slide-inner\"><img decoding=\"async\" class=\"swiper-slide-image\" src=\"https:\/\/vivesanlucardebarrameda.es\/wp-content\/uploads\/2022\/03\/05-3.jpg\" alt=\"05\" \/><\/figure><\/div><div class=\"swiper-slide\" role=\"group\" aria-roledescription=\"slide\" aria-label=\"3 sur 5\"><figure class=\"swiper-slide-inner\"><img decoding=\"async\" class=\"swiper-slide-image\" src=\"https:\/\/vivesanlucardebarrameda.es\/wp-content\/uploads\/2022\/03\/04-5.jpg\" alt=\"04\" \/><\/figure><\/div><div class=\"swiper-slide\" role=\"group\" aria-roledescription=\"slide\" aria-label=\"4 sur 5\"><figure class=\"swiper-slide-inner\"><img decoding=\"async\" class=\"swiper-slide-image\" src=\"https:\/\/vivesanlucardebarrameda.es\/wp-content\/uploads\/2022\/03\/02-5.jpg\" alt=\"02\" \/><\/figure><\/div><div class=\"swiper-slide\" role=\"group\" aria-roledescription=\"slide\" aria-label=\"5 sur 5\"><figure class=\"swiper-slide-inner\"><img decoding=\"async\" class=\"swiper-slide-image\" src=\"https:\/\/vivesanlucardebarrameda.es\/wp-content\/uploads\/2022\/11\/03-2.jpg\" alt=\"03\" \/><\/figure><\/div>\t\t\t<\/div>\n\t\t\t\t\t\t\t\t\t\t\t\t<div class=\"elementor-swiper-button elementor-swiper-button-prev\" role=\"button\" tabindex=\"0\">\n\t\t\t\t\t\t<i aria-hidden=\"true\" class=\"eicon-chevron-left\"><\/i>\t\t\t\t\t<\/div>\n\t\t\t\t\t<div class=\"elementor-swiper-button elementor-swiper-button-next\" role=\"button\" tabindex=\"0\">\n\t\t\t\t\t\t<i aria-hidden=\"true\" class=\"eicon-chevron-right\"><\/i>\t\t\t\t\t<\/div>\n\t\t\t\t\n\t\t\t\t\t\t\t\t\t<\/div>\n\t\t\t\t<\/div>\n\t\t\t\t<\/div>\n\t\t\t\t\t<\/div>\n\t\t<\/div>\n\t\t\t\t\t<\/div>\n\t\t<\/section>\n\t\t\t\t<section class=\"elementor-section elementor-top-section elementor-element elementor-element-dd3706b elementor-section-boxed elementor-section-height-default elementor-section-height-default\" data-id=\"dd3706b\" data-element_type=\"section\">\n\t\t\t\t\t\t<div class=\"elementor-container elementor-column-gap-default\">\n\t\t\t\t\t<div class=\"elementor-column elementor-col-66 elementor-top-column elementor-element elementor-element-7cd6ab25\" data-id=\"7cd6ab25\" data-element_type=\"column\">\n\t\t\t<div class=\"elementor-widget-wrap elementor-element-populated\">\n\t\t\t\t\t\t<div class=\"elementor-element elementor-element-1112a434 elementor-widget elementor-widget-heading\" data-id=\"1112a434\" data-element_type=\"widget\" data-widget_type=\"heading.default\">\n\t\t\t\t<div class=\"elementor-widget-container\">\n\t\t\t<h2 class=\"elementor-heading-title elementor-size-default\">Internacional, Carnes<\/h2>\t\t<\/div>\n\t\t\t\t<\/div>\n\t\t\t\t<div class=\"elementor-element elementor-element-c0d41d0 elementor-widget elementor-widget-heading\" data-id=\"c0d41d0\" data-element_type=\"widget\" data-widget_type=\"heading.default\">\n\t\t\t\t<div class=\"elementor-widget-container\">\n\t\t\t<h2 class=\"elementor-heading-title elementor-size-default\">Taberna Barbarroja<\/h2>\t\t<\/div>\n\t\t\t\t<\/div>\n\t\t\t\t<div class=\"elementor-element elementor-element-4ae669a5 elementor-widget elementor-widget-text-editor\" data-id=\"4ae669a5\" data-element_type=\"widget\" data-widget_type=\"text-editor.default\">\n\t\t\t\t<div class=\"elementor-widget-container\">\n\t\t\t\t\t\t\t<p>Imprescindible y \u00fanica es la <strong>Taberna Barbarroja<\/strong> que est\u00e1 en el centro de Sanl\u00facar de Barrameda. La originalidad del local provoca a quien lo visita por primera vez una sensaci\u00f3n inigualable de haber hecho un descubrimiento. Todas sus paredes muestran un sinf\u00edn de retratos de actores, en su mayor\u00eda cl\u00e1sicos que pertenecen a la historia del cine. Las im\u00e1genes se muestran en un ritmo trepidante como el guion de una pel\u00edcula de los 50 que sorprende y no olvida ning\u00fan detalle. Todo aquel a que le guste el cine, apreciar\u00e1 la autenticidad de la decoraci\u00f3n haci\u00e9ndolo un sitio de referencia \u00fanico y entra\u00f1able.<\/p><p>La Taberna Barbarroja abri\u00f3 sus puertas en 1988 gracias a Jos\u00e9 Mar\u00eda Jurado y su mujer Lola Rodr\u00edguez, que se encargaba de la cocina elaborando s\u00e1ndwiches y hamburguesas. S\u00f3lo hab\u00eda diez mesas y una mesa de billar, era m\u00e1s bien un bar de copas. El trabajo de la pareja junto al equipo que han ido formando durante m\u00e1s de tres d\u00e9cadas, ha hecho que la Taberna Barbarroja tenga una amplia carta con platos riqu\u00edsimos. Se especializan en carnes siendo su <strong>hamburguesa de retinto<\/strong> una delicia, la alta calidad de las materias primas es un b\u00e1sico del establecimiento. La carta cuenta con entrantes de cine para todos los gustos como la ventresca de at\u00fan con aguacate o los champi\u00f1ones rellenos. La Taberna Barbarroja sigue una tendencia de comida americana (entrecot, hamburguesas, perritos, brochetas) manteniendo nuestros gustos nacionales (aneto, flamenqu\u00edn, solomillo de cerdo con diferentes salsas, carnes de cerdo ib\u00e9rico). Tambi\u00e9n encontrar\u00e1 una amplia variedad de <strong>Tostas<\/strong>, <strong>Montaditos<\/strong> y <strong>S\u00e1ndwiches<\/strong>, destacando el <strong>s\u00e1ndwich especial de pollo<\/strong>.<\/p><p>Jos\u00e9 Mar\u00eda no s\u00f3lo ha llevado su pasi\u00f3n del cine a su local, tambi\u00e9n comparte una gran selecci\u00f3n de bebidas destiladas, destacan marcas premiun de ginebra, ron y whisky, adem\u00e1s de muy interesantes licores. La variedad de cervezas tambi\u00e9n satisfar\u00e1 al cliente.<\/p><p>La Taberna Barbarroja lleva m\u00e1s de tres d\u00e9cadas funcionando, pero se empez\u00f3 a gestar mucho antes en Charlot Pub, establecimiento que pertenec\u00eda al t\u00edo de Jos\u00e9 Mar\u00eda, y que le introdujo el amor al cine cl\u00e1sico en su adolescencia. Algunos de los cuadros que vemos en la Taberna Barbarroja son heredados de su t\u00edo, la colecci\u00f3n que tiene actualmente Jos\u00e9 Mar\u00eda es tan extensa que va rotando las im\u00e1genes a lo largo del a\u00f1o.<\/p><p>Ya no est\u00e1 la mesa de billar, pero s\u00ed una magn\u00edfica chimenea en centro del local, la capacidad para m\u00e1s de 100 comensales, y la cocina siempre disponible desde las ocho de la tarde hasta la hora de cierre, que como m\u00ednimo es a las tres de la ma\u00f1ana.<\/p>\t\t\t\t\t\t<\/div>\n\t\t\t\t<\/div>\n\t\t\t\t\t<\/div>\n\t\t<\/div>\n\t\t\t\t<div class=\"elementor-column elementor-col-33 elementor-top-column elementor-element elementor-element-50fe3f83\" data-id=\"50fe3f83\" data-element_type=\"column\">\n\t\t\t<div class=\"elementor-widget-wrap elementor-element-populated\">\n\t\t\t\t\t\t<div class=\"elementor-element elementor-element-76f53919 elementor-widget elementor-widget-image\" data-id=\"76f53919\" data-element_type=\"widget\" data-widget_type=\"image.default\">\n\t\t\t\t<div class=\"elementor-widget-container\">\n\t\t\t\t\t\t\t\t\t\t\t\t\t<img decoding=\"async\" width=\"200\" height=\"200\" src=\"https:\/\/vivesanlucardebarrameda.es\/wp-content\/uploads\/2022\/11\/logo_200.jpg\" class=\"attachment-full size-full wp-image-4227\" alt=\"Taberna Barbarroja Sanl\u00facar de Barrameda\" srcset=\"https:\/\/vivesanlucardebarrameda.es\/wp-content\/uploads\/2022\/11\/logo_200.jpg 200w, https:\/\/vivesanlucardebarrameda.es\/wp-content\/uploads\/2022\/11\/logo_200-150x150.jpg 150w\" sizes=\"(max-width: 200px) 100vw, 200px\" \/>\t\t\t\t\t\t\t\t\t\t\t\t\t<\/div>\n\t\t\t\t<\/div>\n\t\t\t\t<div class=\"elementor-element elementor-element-ab5685 elementor-widget elementor-widget-text-editor\" data-id=\"ab5685\" data-element_type=\"widget\" data-widget_type=\"text-editor.default\">\n\t\t\t\t<div class=\"elementor-widget-container\">\n\t\t\t\t\t\t\t<div class=\"shop_sec\"><ul><li><img decoding=\"async\" src=\"https:\/\/vivesanlucardebarrameda.es\/wp-content\/uploads\/2022\/02\/clock.png\" \/><br \/><div class=\"listcon\"><p class=\"cheading\">Horario<\/p><p>De Martes a Domingo de 20:00 a 3:00 h<br \/>Lunes: cerrado<br \/>24, 25, 26, 31 de diciembre y 1 de enero: cerrado<\/p><\/div><div class=\"clear\">\u00a0<\/div><\/li><li><img decoding=\"async\" src=\"https:\/\/vivesanlucardebarrameda.es\/wp-content\/uploads\/2022\/03\/direction.png\" \/><br \/><div class=\"listcon\"><p class=\"cheading\">Direcci\u00f3n<\/p><p>C\/ de la Plata, 3, 11540 Sanl\u00facar de Barrameda<\/p><\/div><div class=\"clear\">\u00a0<\/div><\/li><li><img decoding=\"async\" src=\"https:\/\/vivesanlucardebarrameda.es\/wp-content\/uploads\/2022\/03\/message.png\" \/><br \/><div class=\"listcon\"><p class=\"cheading\">CONTACTO<\/p><p>956 38 21 95<\/p><\/div><div class=\"clear\">\u00a0<\/div><\/li><\/ul><\/div>\t\t\t\t\t\t<\/div>\n\t\t\t\t<\/div>\n\t\t\t\t<div class=\"elementor-element elementor-element-7bb20496 elementor-align-center elementor-widget elementor-widget-button\" data-id=\"7bb20496\" data-element_type=\"widget\" data-widget_type=\"button.default\">\n\t\t\t\t<div class=\"elementor-widget-container\">\n\t\t\t\t\t<div class=\"elementor-button-wrapper\">\n\t\t\t<a class=\"elementor-button elementor-button-link elementor-size-lg\" href=\"https:\/\/vivesanlucardebarrameda.es\/carta-barbarroja\/\">\n\t\t\t\t\t\t<span class=\"elementor-button-content-wrapper\">\n\t\t\t\t\t\t\t\t\t<span class=\"elementor-button-text\">CARTA<\/span>\n\t\t\t\t\t<\/span>\n\t\t\t\t\t<\/a>\n\t\t<\/div>\n\t\t\t\t<\/div>\n\t\t\t\t<\/div>\n\t\t\t\t<div class=\"elementor-element elementor-element-75a7db92 elementor-widget elementor-widget-google_maps\" data-id=\"75a7db92\" data-element_type=\"widget\" data-widget_type=\"google_maps.default\">\n\t\t\t\t<div class=\"elementor-widget-container\">\n\t\t\t\t\t<div class=\"elementor-custom-embed\">\n\t\t\t<iframe loading=\"lazy\"\n\t\t\t\t\tsrc=\"https:\/\/maps.google.com\/maps?q=C.%20%20de%20la%20Plata%2C%203%2C%20%20Sanl%C3%BAcar%20de%20Barrameda&#038;t=m&#038;z=10&#038;output=embed&#038;iwloc=near\"\n\t\t\t\t\ttitle=\"C.  de la Plata, 3,  Sanl\u00facar de Barrameda\"\n\t\t\t\t\taria-label=\"C.  de la Plata, 3,  Sanl\u00facar de Barrameda\"\n\t\t\t><\/iframe>\n\t\t<\/div>\n\t\t\t\t<\/div>\n\t\t\t\t<\/div>\n\t\t\t\t<div class=\"elementor-element elementor-element-63314d1a elementor-widget elementor-widget-text-editor\" data-id=\"63314d1a\" data-element_type=\"widget\" data-widget_type=\"text-editor.default\">\n\t\t\t\t<div class=\"elementor-widget-container\">\n\t\t\t\t\t\t\t<div class=\"social_dir\"><ul><li><a href=\"https:\/\/www.facebook.com\/profile.php?id=100069180163443 \"><img decoding=\"async\" src=\"https:\/\/vivesanlucardebarrameda.es\/wp-content\/uploads\/2022\/03\/fb.png\" alt=\"\" \/><\/a><\/li><li><a href=\" https:\/\/www.instagram.com\/taberna_barbarroja\/ \"><img decoding=\"async\" src=\"https:\/\/vivesanlucardebarrameda.es\/wp-content\/uploads\/2022\/03\/insta.png\" alt=\"\" \/><\/a><\/li><\/ul><\/div>\t\t\t\t\t\t<\/div>\n\t\t\t\t<\/div>\n\t\t\t\t\t<\/div>\n\t\t<\/div>\n\t\t\t\t\t<\/div>\n\t\t<\/section>\n\t\t\t\t<section class=\"elementor-section elementor-top-section elementor-element elementor-element-68ed295d elementor-section-boxed elementor-section-height-default elementor-section-height-default\" data-id=\"68ed295d\" data-element_type=\"section\">\n\t\t\t\t\t\t<div class=\"elementor-container elementor-column-gap-default\">\n\t\t\t\t\t<div class=\"elementor-column elementor-col-100 elementor-top-column elementor-element elementor-element-2f9f2df4\" data-id=\"2f9f2df4\" data-element_type=\"column\">\n\t\t\t<div class=\"elementor-widget-wrap\">\n\t\t\t\t\t\t\t<\/div>\n\t\t<\/div>\n\t\t\t\t\t<\/div>\n\t\t<\/section>\n\t\t\t\t<section class=\"elementor-section elementor-top-section elementor-element elementor-element-7256c3dc elementor-section-boxed elementor-section-height-default elementor-section-height-default\" data-id=\"7256c3dc\" data-element_type=\"section\">\n\t\t\t\t\t\t<div class=\"elementor-container elementor-column-gap-default\">\n\t\t\t\t\t<div class=\"elementor-column elementor-col-100 elementor-top-column elementor-element elementor-element-7e7d79ad\" data-id=\"7e7d79ad\" data-element_type=\"column\">\n\t\t\t<div class=\"elementor-widget-wrap elementor-element-populated\">\n\t\t\t\t\t\t<div class=\"elementor-element elementor-element-402c2822 elementor-widget elementor-widget-gallery\" data-id=\"402c2822\" data-element_type=\"widget\" data-settings=\"{&quot;lazyload&quot;:&quot;yes&quot;,&quot;gallery_layout&quot;:&quot;grid&quot;,&quot;columns&quot;:4,&quot;columns_tablet&quot;:2,&quot;columns_mobile&quot;:1,&quot;gap&quot;:{&quot;unit&quot;:&quot;px&quot;,&quot;size&quot;:10,&quot;sizes&quot;:[]},&quot;gap_tablet&quot;:{&quot;unit&quot;:&quot;px&quot;,&quot;size&quot;:10,&quot;sizes&quot;:[]},&quot;gap_mobile&quot;:{&quot;unit&quot;:&quot;px&quot;,&quot;size&quot;:10,&quot;sizes&quot;:[]},&quot;link_to&quot;:&quot;file&quot;,&quot;aspect_ratio&quot;:&quot;3:2&quot;,&quot;overlay_background&quot;:&quot;yes&quot;,&quot;content_hover_animation&quot;:&quot;fade-in&quot;}\" data-widget_type=\"gallery.default\">\n\t\t\t\t<div class=\"elementor-widget-container\">\n\t\t\t\t\t<div class=\"elementor-gallery__container\">\n\t\t\t\t\t\t\t<a class=\"e-gallery-item elementor-gallery-item elementor-animated-content\" href=\"https:\/\/vivesanlucardebarrameda.es\/wp-content\/uploads\/2022\/03\/01-7.jpg\" data-elementor-open-lightbox=\"yes\" data-elementor-lightbox-slideshow=\"all-402c2822\" data-elementor-lightbox-title=\"01\" data-e-action-hash=\"#elementor-action%3Aaction%3Dlightbox%26settings%3DeyJpZCI6NDI2OSwidXJsIjoiaHR0cHM6XC9cL3ZpdmVzYW5sdWNhcmRlYmFycmFtZWRhLmVzXC93cC1jb250ZW50XC91cGxvYWRzXC8yMDIyXC8wM1wvMDEtNy5qcGciLCJzbGlkZXNob3ciOiJhbGwtNDAyYzI4MjIifQ%3D%3D\">\n\t\t\t\t\t<div class=\"e-gallery-image elementor-gallery-item__image\" data-thumbnail=\"https:\/\/vivesanlucardebarrameda.es\/wp-content\/uploads\/2022\/03\/01-7-300x207.jpg\" data-width=\"300\" data-height=\"207\" alt=\"\" ><\/div>\n\t\t\t\t\t\t\t\t\t\t\t<div class=\"elementor-gallery-item__overlay\"><\/div>\n\t\t\t\t\t\t\t\t\t\t\t\t\t\t<\/a>\n\t\t\t\t\t\t\t<a class=\"e-gallery-item elementor-gallery-item elementor-animated-content\" href=\"https:\/\/vivesanlucardebarrameda.es\/wp-content\/uploads\/2022\/03\/02-6.jpg\" data-elementor-open-lightbox=\"yes\" data-elementor-lightbox-slideshow=\"all-402c2822\" data-elementor-lightbox-title=\"02\" data-e-action-hash=\"#elementor-action%3Aaction%3Dlightbox%26settings%3DeyJpZCI6NDI3MSwidXJsIjoiaHR0cHM6XC9cL3ZpdmVzYW5sdWNhcmRlYmFycmFtZWRhLmVzXC93cC1jb250ZW50XC91cGxvYWRzXC8yMDIyXC8wM1wvMDItNi5qcGciLCJzbGlkZXNob3ciOiJhbGwtNDAyYzI4MjIifQ%3D%3D\">\n\t\t\t\t\t<div class=\"e-gallery-image elementor-gallery-item__image\" data-thumbnail=\"https:\/\/vivesanlucardebarrameda.es\/wp-content\/uploads\/2022\/03\/02-6-300x207.jpg\" data-width=\"300\" data-height=\"207\" alt=\"\" ><\/div>\n\t\t\t\t\t\t\t\t\t\t\t<div class=\"elementor-gallery-item__overlay\"><\/div>\n\t\t\t\t\t\t\t\t\t\t\t\t\t\t<\/a>\n\t\t\t\t\t\t\t<a class=\"e-gallery-item elementor-gallery-item elementor-animated-content\" href=\"https:\/\/vivesanlucardebarrameda.es\/wp-content\/uploads\/2022\/03\/03-6.jpg\" data-elementor-open-lightbox=\"yes\" data-elementor-lightbox-slideshow=\"all-402c2822\" data-elementor-lightbox-title=\"03\" data-e-action-hash=\"#elementor-action%3Aaction%3Dlightbox%26settings%3DeyJpZCI6NDI3MywidXJsIjoiaHR0cHM6XC9cL3ZpdmVzYW5sdWNhcmRlYmFycmFtZWRhLmVzXC93cC1jb250ZW50XC91cGxvYWRzXC8yMDIyXC8wM1wvMDMtNi5qcGciLCJzbGlkZXNob3ciOiJhbGwtNDAyYzI4MjIifQ%3D%3D\">\n\t\t\t\t\t<div class=\"e-gallery-image elementor-gallery-item__image\" data-thumbnail=\"https:\/\/vivesanlucardebarrameda.es\/wp-content\/uploads\/2022\/03\/03-6-300x207.jpg\" data-width=\"300\" data-height=\"207\" alt=\"\" ><\/div>\n\t\t\t\t\t\t\t\t\t\t\t<div class=\"elementor-gallery-item__overlay\"><\/div>\n\t\t\t\t\t\t\t\t\t\t\t\t\t\t<\/a>\n\t\t\t\t\t\t\t<a class=\"e-gallery-item elementor-gallery-item elementor-animated-content\" href=\"https:\/\/vivesanlucardebarrameda.es\/wp-content\/uploads\/2022\/03\/04-6.jpg\" data-elementor-open-lightbox=\"yes\" data-elementor-lightbox-slideshow=\"all-402c2822\" data-elementor-lightbox-title=\"04\" data-e-action-hash=\"#elementor-action%3Aaction%3Dlightbox%26settings%3DeyJpZCI6NDI3NSwidXJsIjoiaHR0cHM6XC9cL3ZpdmVzYW5sdWNhcmRlYmFycmFtZWRhLmVzXC93cC1jb250ZW50XC91cGxvYWRzXC8yMDIyXC8wM1wvMDQtNi5qcGciLCJzbGlkZXNob3ciOiJhbGwtNDAyYzI4MjIifQ%3D%3D\">\n\t\t\t\t\t<div class=\"e-gallery-image elementor-gallery-item__image\" data-thumbnail=\"https:\/\/vivesanlucardebarrameda.es\/wp-content\/uploads\/2022\/03\/04-6-300x207.jpg\" data-width=\"300\" data-height=\"207\" alt=\"\" ><\/div>\n\t\t\t\t\t\t\t\t\t\t\t<div class=\"elementor-gallery-item__overlay\"><\/div>\n\t\t\t\t\t\t\t\t\t\t\t\t\t\t<\/a>\n\t\t\t\t\t\t\t<a class=\"e-gallery-item elementor-gallery-item elementor-animated-content\" href=\"https:\/\/vivesanlucardebarrameda.es\/wp-content\/uploads\/2022\/03\/05-4.jpg\" data-elementor-open-lightbox=\"yes\" data-elementor-lightbox-slideshow=\"all-402c2822\" data-elementor-lightbox-title=\"05\" data-e-action-hash=\"#elementor-action%3Aaction%3Dlightbox%26settings%3DeyJpZCI6NDI3NywidXJsIjoiaHR0cHM6XC9cL3ZpdmVzYW5sdWNhcmRlYmFycmFtZWRhLmVzXC93cC1jb250ZW50XC91cGxvYWRzXC8yMDIyXC8wM1wvMDUtNC5qcGciLCJzbGlkZXNob3ciOiJhbGwtNDAyYzI4MjIifQ%3D%3D\">\n\t\t\t\t\t<div class=\"e-gallery-image elementor-gallery-item__image\" data-thumbnail=\"https:\/\/vivesanlucardebarrameda.es\/wp-content\/uploads\/2022\/03\/05-4-300x207.jpg\" data-width=\"300\" data-height=\"207\" alt=\"\" ><\/div>\n\t\t\t\t\t\t\t\t\t\t\t<div class=\"elementor-gallery-item__overlay\"><\/div>\n\t\t\t\t\t\t\t\t\t\t\t\t\t\t<\/a>\n\t\t\t\t\t\t\t<a class=\"e-gallery-item elementor-gallery-item elementor-animated-content\" href=\"https:\/\/vivesanlucardebarrameda.es\/wp-content\/uploads\/2022\/03\/06-2.jpg\" data-elementor-open-lightbox=\"yes\" data-elementor-lightbox-slideshow=\"all-402c2822\" data-elementor-lightbox-title=\"06\" data-e-action-hash=\"#elementor-action%3Aaction%3Dlightbox%26settings%3DeyJpZCI6NDI3OSwidXJsIjoiaHR0cHM6XC9cL3ZpdmVzYW5sdWNhcmRlYmFycmFtZWRhLmVzXC93cC1jb250ZW50XC91cGxvYWRzXC8yMDIyXC8wM1wvMDYtMi5qcGciLCJzbGlkZXNob3ciOiJhbGwtNDAyYzI4MjIifQ%3D%3D\">\n\t\t\t\t\t<div class=\"e-gallery-image elementor-gallery-item__image\" data-thumbnail=\"https:\/\/vivesanlucardebarrameda.es\/wp-content\/uploads\/2022\/03\/06-2-300x207.jpg\" data-width=\"300\" data-height=\"207\" alt=\"\" ><\/div>\n\t\t\t\t\t\t\t\t\t\t\t<div class=\"elementor-gallery-item__overlay\"><\/div>\n\t\t\t\t\t\t\t\t\t\t\t\t\t\t<\/a>\n\t\t\t\t\t\t\t<a class=\"e-gallery-item elementor-gallery-item elementor-animated-content\" href=\"https:\/\/vivesanlucardebarrameda.es\/wp-content\/uploads\/2022\/03\/07-2.jpg\" data-elementor-open-lightbox=\"yes\" data-elementor-lightbox-slideshow=\"all-402c2822\" data-elementor-lightbox-title=\"07\" data-e-action-hash=\"#elementor-action%3Aaction%3Dlightbox%26settings%3DeyJpZCI6NDI4MSwidXJsIjoiaHR0cHM6XC9cL3ZpdmVzYW5sdWNhcmRlYmFycmFtZWRhLmVzXC93cC1jb250ZW50XC91cGxvYWRzXC8yMDIyXC8wM1wvMDctMi5qcGciLCJzbGlkZXNob3ciOiJhbGwtNDAyYzI4MjIifQ%3D%3D\">\n\t\t\t\t\t<div class=\"e-gallery-image elementor-gallery-item__image\" data-thumbnail=\"https:\/\/vivesanlucardebarrameda.es\/wp-content\/uploads\/2022\/03\/07-2-300x207.jpg\" data-width=\"300\" data-height=\"207\" alt=\"\" ><\/div>\n\t\t\t\t\t\t\t\t\t\t\t<div class=\"elementor-gallery-item__overlay\"><\/div>\n\t\t\t\t\t\t\t\t\t\t\t\t\t\t<\/a>\n\t\t\t\t\t\t\t<a class=\"e-gallery-item elementor-gallery-item elementor-animated-content\" href=\"https:\/\/vivesanlucardebarrameda.es\/wp-content\/uploads\/2022\/03\/08-2.jpg\" data-elementor-open-lightbox=\"yes\" data-elementor-lightbox-slideshow=\"all-402c2822\" data-elementor-lightbox-title=\"08\" data-e-action-hash=\"#elementor-action%3Aaction%3Dlightbox%26settings%3DeyJpZCI6NDI4MywidXJsIjoiaHR0cHM6XC9cL3ZpdmVzYW5sdWNhcmRlYmFycmFtZWRhLmVzXC93cC1jb250ZW50XC91cGxvYWRzXC8yMDIyXC8wM1wvMDgtMi5qcGciLCJzbGlkZXNob3ciOiJhbGwtNDAyYzI4MjIifQ%3D%3D\">\n\t\t\t\t\t<div class=\"e-gallery-image elementor-gallery-item__image\" data-thumbnail=\"https:\/\/vivesanlucardebarrameda.es\/wp-content\/uploads\/2022\/03\/08-2-300x207.jpg\" data-width=\"300\" data-height=\"207\" alt=\"\" ><\/div>\n\t\t\t\t\t\t\t\t\t\t\t<div class=\"elementor-gallery-item__overlay\"><\/div>\n\t\t\t\t\t\t\t\t\t\t\t\t\t\t<\/a>\n\t\t\t\t\t<\/div>\n\t\t\t<\/div>\n\t\t\t\t<\/div>\n\t\t\t\t<div class=\"elementor-element elementor-element-6f98110d elementor-widget elementor-widget-html\" data-id=\"6f98110d\" data-element_type=\"widget\" data-widget_type=\"html.default\">\n\t\t\t\t<div class=\"elementor-widget-container\">\n\t\t\t<script src=\"https:\/\/apps.elfsight.com\/p\/platform.js\" defer><\/script>\r\n<div class=\"elfsight-app-3638c474-13cd-4840-8291-7e1f6fbe1fd4\"><\/div>\t\t<\/div>\n\t\t\t\t<\/div>\n\t\t\t\t\t<\/div>\n\t\t<\/div>\n\t\t\t\t\t<\/div>\n\t\t<\/section>\n\t\t\t\t<\/div>\n\t\t","protected":false},"excerpt":{"rendered":"<p>Anterior Siguiente Internacional, Carnes Taberna Barbarroja Imprescindible y \u00fanica es la Taberna Barbarroja que est\u00e1 en el centro de Sanl\u00facar de Barrameda. La originalidad del local provoca a quien lo visita por primera vez una sensaci\u00f3n inigualable de haber hecho un descubrimiento. Todas sus paredes muestran un sinf\u00edn de retratos de actores, en su mayor\u00eda [&hellip;]<\/p>\n","protected":false},"author":1,"featured_media":5157,"comment_status":"open","ping_status":"closed","template":"elementor_header_footer","meta":{"_acf_changed":false,"footnotes":""},"class_list":["post-4353","restaurant","type-restaurant","status-publish","has-post-thumbnail","hentry"],"acf":[],"yoast_head":"<!-- This site is optimized with the Yoast SEO plugin v22.6 - https:\/\/yoast.com\/wordpress\/plugins\/seo\/ -->\n<title>TABERNA BARBARROJA - VIVE Sanl\u00facar de Barrameda<\/title>\n<meta name=\"description\" content=\"Imprescindible y \u00fanica es la Taberna Barbarroja que est\u00e1 en el centro de Sanl\u00facar de Barrameda. Original e inigualable.\" \/>\n<meta name=\"robots\" content=\"index, follow, max-snippet:-1, max-image-preview:large, max-video-preview:-1\" \/>\n<link rel=\"canonical\" href=\"https:\/\/vivesanlucardebarrameda.es\/restaurant\/taberna-barbarroja\/\" \/>\n<meta property=\"og:locale\" content=\"fr_FR\" \/>\n<meta property=\"og:type\" content=\"article\" \/>\n<meta property=\"og:title\" content=\"TABERNA BARBARROJA - VIVE Sanl\u00facar de Barrameda\" \/>\n<meta property=\"og:description\" content=\"Imprescindible y \u00fanica es la Taberna Barbarroja que est\u00e1 en el centro de Sanl\u00facar de Barrameda. Original e inigualable.\" \/>\n<meta property=\"og:url\" content=\"https:\/\/vivesanlucardebarrameda.es\/restaurant\/taberna-barbarroja\/\" \/>\n<meta property=\"og:site_name\" content=\"VIVE Sanl\u00facar de Barrameda\" \/>\n<meta property=\"article:modified_time\" content=\"2023-02-28T11:32:56+00:00\" \/>\n<meta property=\"og:image\" content=\"https:\/\/vivesanlucardebarrameda.es\/wp-content\/uploads\/2022\/11\/logo158.jpg\" \/>\n\t<meta property=\"og:image:width\" content=\"155\" \/>\n\t<meta property=\"og:image:height\" content=\"88\" \/>\n\t<meta property=\"og:image:type\" content=\"image\/jpeg\" \/>\n<meta name=\"twitter:card\" content=\"summary_large_image\" \/>\n<meta name=\"twitter:label1\" content=\"Dur\u00e9e de lecture estim\u00e9e\" \/>\n\t<meta name=\"twitter:data1\" content=\"3 minutes\" \/>\n<script type=\"application\/ld+json\" class=\"yoast-schema-graph\">{\"@context\":\"https:\/\/schema.org\",\"@graph\":[{\"@type\":\"WebPage\",\"@id\":\"https:\/\/vivesanlucardebarrameda.es\/restaurant\/taberna-barbarroja\/\",\"url\":\"https:\/\/vivesanlucardebarrameda.es\/restaurant\/taberna-barbarroja\/\",\"name\":\"TABERNA BARBARROJA - VIVE Sanl\u00facar de Barrameda\",\"isPartOf\":{\"@id\":\"https:\/\/vivesanlucardebarrameda.es\/#website\"},\"primaryImageOfPage\":{\"@id\":\"https:\/\/vivesanlucardebarrameda.es\/restaurant\/taberna-barbarroja\/#primaryimage\"},\"image\":{\"@id\":\"https:\/\/vivesanlucardebarrameda.es\/restaurant\/taberna-barbarroja\/#primaryimage\"},\"thumbnailUrl\":\"https:\/\/vivesanlucardebarrameda.es\/wp-content\/uploads\/2022\/11\/logo158.jpg\",\"datePublished\":\"2022-03-26T12:19:12+00:00\",\"dateModified\":\"2023-02-28T11:32:56+00:00\",\"description\":\"Imprescindible y \u00fanica es la Taberna Barbarroja que est\u00e1 en el centro de Sanl\u00facar de Barrameda. Original e inigualable.\",\"breadcrumb\":{\"@id\":\"https:\/\/vivesanlucardebarrameda.es\/restaurant\/taberna-barbarroja\/#breadcrumb\"},\"inLanguage\":\"fr-FR\",\"potentialAction\":[{\"@type\":\"ReadAction\",\"target\":[\"https:\/\/vivesanlucardebarrameda.es\/restaurant\/taberna-barbarroja\/\"]}]},{\"@type\":\"ImageObject\",\"inLanguage\":\"fr-FR\",\"@id\":\"https:\/\/vivesanlucardebarrameda.es\/restaurant\/taberna-barbarroja\/#primaryimage\",\"url\":\"https:\/\/vivesanlucardebarrameda.es\/wp-content\/uploads\/2022\/11\/logo158.jpg\",\"contentUrl\":\"https:\/\/vivesanlucardebarrameda.es\/wp-content\/uploads\/2022\/11\/logo158.jpg\",\"width\":155,\"height\":88},{\"@type\":\"BreadcrumbList\",\"@id\":\"https:\/\/vivesanlucardebarrameda.es\/restaurant\/taberna-barbarroja\/#breadcrumb\",\"itemListElement\":[{\"@type\":\"ListItem\",\"position\":1,\"name\":\"Portada\",\"item\":\"https:\/\/vivesanlucardebarrameda.es\/\"},{\"@type\":\"ListItem\",\"position\":2,\"name\":\"Restaurant\",\"item\":\"https:\/\/vivesanlucardebarrameda.es\/restaurant\/\"},{\"@type\":\"ListItem\",\"position\":3,\"name\":\"TABERNA BARBARROJA\"}]},{\"@type\":\"WebSite\",\"@id\":\"https:\/\/vivesanlucardebarrameda.es\/#website\",\"url\":\"https:\/\/vivesanlucardebarrameda.es\/\",\"name\":\"VIVE Sanl\u00facar de Barrameda\",\"description\":\"Restaurantes, eventos, ...\",\"publisher\":{\"@id\":\"https:\/\/vivesanlucardebarrameda.es\/#organization\"},\"potentialAction\":[{\"@type\":\"SearchAction\",\"target\":{\"@type\":\"EntryPoint\",\"urlTemplate\":\"https:\/\/vivesanlucardebarrameda.es\/?s={search_term_string}\"},\"query-input\":\"required name=search_term_string\"}],\"inLanguage\":\"fr-FR\"},{\"@type\":\"Organization\",\"@id\":\"https:\/\/vivesanlucardebarrameda.es\/#organization\",\"name\":\"VIVE Sanl\u00facar de Barrameda\",\"url\":\"https:\/\/vivesanlucardebarrameda.es\/\",\"logo\":{\"@type\":\"ImageObject\",\"inLanguage\":\"fr-FR\",\"@id\":\"https:\/\/vivesanlucardebarrameda.es\/#\/schema\/logo\/image\/\",\"url\":\"https:\/\/vivesanlucardebarrameda.es\/wp-content\/uploads\/2023\/02\/cropped-logo_header.jpg\",\"contentUrl\":\"https:\/\/vivesanlucardebarrameda.es\/wp-content\/uploads\/2023\/02\/cropped-logo_header.jpg\",\"width\":534,\"height\":482,\"caption\":\"VIVE Sanl\u00facar de Barrameda\"},\"image\":{\"@id\":\"https:\/\/vivesanlucardebarrameda.es\/#\/schema\/logo\/image\/\"}}]}<\/script>\n<!-- \/ Yoast SEO plugin. -->","yoast_head_json":{"title":"TABERNA BARBARROJA - VIVE Sanl\u00facar de Barrameda","description":"Imprescindible y \u00fanica es la Taberna Barbarroja que est\u00e1 en el centro de Sanl\u00facar de Barrameda. Original e inigualable.","robots":{"index":"index","follow":"follow","max-snippet":"max-snippet:-1","max-image-preview":"max-image-preview:large","max-video-preview":"max-video-preview:-1"},"canonical":"https:\/\/vivesanlucardebarrameda.es\/restaurant\/taberna-barbarroja\/","og_locale":"fr_FR","og_type":"article","og_title":"TABERNA BARBARROJA - VIVE Sanl\u00facar de Barrameda","og_description":"Imprescindible y \u00fanica es la Taberna Barbarroja que est\u00e1 en el centro de Sanl\u00facar de Barrameda. Original e inigualable.","og_url":"https:\/\/vivesanlucardebarrameda.es\/restaurant\/taberna-barbarroja\/","og_site_name":"VIVE Sanl\u00facar de Barrameda","article_modified_time":"2023-02-28T11:32:56+00:00","og_image":[{"width":155,"height":88,"url":"https:\/\/vivesanlucardebarrameda.es\/wp-content\/uploads\/2022\/11\/logo158.jpg","type":"image\/jpeg"}],"twitter_card":"summary_large_image","twitter_misc":{"Dur\u00e9e de lecture estim\u00e9e":"3 minutes"},"schema":{"@context":"https:\/\/schema.org","@graph":[{"@type":"WebPage","@id":"https:\/\/vivesanlucardebarrameda.es\/restaurant\/taberna-barbarroja\/","url":"https:\/\/vivesanlucardebarrameda.es\/restaurant\/taberna-barbarroja\/","name":"TABERNA BARBARROJA - VIVE Sanl\u00facar de Barrameda","isPartOf":{"@id":"https:\/\/vivesanlucardebarrameda.es\/#website"},"primaryImageOfPage":{"@id":"https:\/\/vivesanlucardebarrameda.es\/restaurant\/taberna-barbarroja\/#primaryimage"},"image":{"@id":"https:\/\/vivesanlucardebarrameda.es\/restaurant\/taberna-barbarroja\/#primaryimage"},"thumbnailUrl":"https:\/\/vivesanlucardebarrameda.es\/wp-content\/uploads\/2022\/11\/logo158.jpg","datePublished":"2022-03-26T12:19:12+00:00","dateModified":"2023-02-28T11:32:56+00:00","description":"Imprescindible y \u00fanica es la Taberna Barbarroja que est\u00e1 en el centro de Sanl\u00facar de Barrameda. Original e inigualable.","breadcrumb":{"@id":"https:\/\/vivesanlucardebarrameda.es\/restaurant\/taberna-barbarroja\/#breadcrumb"},"inLanguage":"fr-FR","potentialAction":[{"@type":"ReadAction","target":["https:\/\/vivesanlucardebarrameda.es\/restaurant\/taberna-barbarroja\/"]}]},{"@type":"ImageObject","inLanguage":"fr-FR","@id":"https:\/\/vivesanlucardebarrameda.es\/restaurant\/taberna-barbarroja\/#primaryimage","url":"https:\/\/vivesanlucardebarrameda.es\/wp-content\/uploads\/2022\/11\/logo158.jpg","contentUrl":"https:\/\/vivesanlucardebarrameda.es\/wp-content\/uploads\/2022\/11\/logo158.jpg","width":155,"height":88},{"@type":"BreadcrumbList","@id":"https:\/\/vivesanlucardebarrameda.es\/restaurant\/taberna-barbarroja\/#breadcrumb","itemListElement":[{"@type":"ListItem","position":1,"name":"Portada","item":"https:\/\/vivesanlucardebarrameda.es\/"},{"@type":"ListItem","position":2,"name":"Restaurant","item":"https:\/\/vivesanlucardebarrameda.es\/restaurant\/"},{"@type":"ListItem","position":3,"name":"TABERNA BARBARROJA"}]},{"@type":"WebSite","@id":"https:\/\/vivesanlucardebarrameda.es\/#website","url":"https:\/\/vivesanlucardebarrameda.es\/","name":"VIVE Sanl\u00facar de Barrameda","description":"Restaurantes, eventos, ...","publisher":{"@id":"https:\/\/vivesanlucardebarrameda.es\/#organization"},"potentialAction":[{"@type":"SearchAction","target":{"@type":"EntryPoint","urlTemplate":"https:\/\/vivesanlucardebarrameda.es\/?s={search_term_string}"},"query-input":"required name=search_term_string"}],"inLanguage":"fr-FR"},{"@type":"Organization","@id":"https:\/\/vivesanlucardebarrameda.es\/#organization","name":"VIVE Sanl\u00facar de Barrameda","url":"https:\/\/vivesanlucardebarrameda.es\/","logo":{"@type":"ImageObject","inLanguage":"fr-FR","@id":"https:\/\/vivesanlucardebarrameda.es\/#\/schema\/logo\/image\/","url":"https:\/\/vivesanlucardebarrameda.es\/wp-content\/uploads\/2023\/02\/cropped-logo_header.jpg","contentUrl":"https:\/\/vivesanlucardebarrameda.es\/wp-content\/uploads\/2023\/02\/cropped-logo_header.jpg","width":534,"height":482,"caption":"VIVE Sanl\u00facar de Barrameda"},"image":{"@id":"https:\/\/vivesanlucardebarrameda.es\/#\/schema\/logo\/image\/"}}]}},"_links":{"self":[{"href":"https:\/\/vivesanlucardebarrameda.es\/fr\/wp-json\/wp\/v2\/restaurant\/4353","targetHints":{"allow":["GET"]}}],"collection":[{"href":"https:\/\/vivesanlucardebarrameda.es\/fr\/wp-json\/wp\/v2\/restaurant"}],"about":[{"href":"https:\/\/vivesanlucardebarrameda.es\/fr\/wp-json\/wp\/v2\/types\/restaurant"}],"author":[{"embeddable":true,"href":"https:\/\/vivesanlucardebarrameda.es\/fr\/wp-json\/wp\/v2\/users\/1"}],"replies":[{"embeddable":true,"href":"https:\/\/vivesanlucardebarrameda.es\/fr\/wp-json\/wp\/v2\/comments?post=4353"}],"version-history":[{"count":33,"href":"https:\/\/vivesanlucardebarrameda.es\/fr\/wp-json\/wp\/v2\/restaurant\/4353\/revisions"}],"predecessor-version":[{"id":6237,"href":"https:\/\/vivesanlucardebarrameda.es\/fr\/wp-json\/wp\/v2\/restaurant\/4353\/revisions\/6237"}],"wp:featuredmedia":[{"embeddable":true,"href":"https:\/\/vivesanlucardebarrameda.es\/fr\/wp-json\/wp\/v2\/media\/5157"}],"wp:attachment":[{"href":"https:\/\/vivesanlucardebarrameda.es\/fr\/wp-json\/wp\/v2\/media?parent=4353"}],"curies":[{"name":"wp","href":"https:\/\/api.w.org\/{rel}","templated":true}]}}