{"id":228,"date":"2022-02-21T11:04:27","date_gmt":"2022-02-21T11:04:27","guid":{"rendered":"https:\/\/vivesanlucardebarrameda.es\/home-2"},"modified":"2023-02-14T11:37:13","modified_gmt":"2023-02-14T11:37:13","slug":"comercio_sanlucar","status":"publish","type":"page","link":"https:\/\/vivesanlucardebarrameda.es\/en\/","title":{"rendered":"Home"},"content":{"rendered":"\t\t<div data-elementor-type=\"wp-page\" data-elementor-id=\"228\" class=\"elementor elementor-228\">\n\t\t\t\t\t\t<section class=\"elementor-section elementor-top-section elementor-element elementor-element-f864ba6 elementor-section-full_width elementor-section-height-default elementor-section-height-default\" data-id=\"f864ba6\" data-element_type=\"section\" data-settings=\"{&quot;background_background&quot;:&quot;classic&quot;}\">\n\t\t\t\t\t\t<div class=\"elementor-container elementor-column-gap-default\">\n\t\t\t\t\t<div class=\"elementor-column elementor-col-100 elementor-top-column elementor-element elementor-element-913f7b8\" data-id=\"913f7b8\" data-element_type=\"column\">\n\t\t\t<div class=\"elementor-widget-wrap elementor-element-populated\">\n\t\t\t\t\t\t<div class=\"elementor-element elementor-element-6655126 elementor-widget elementor-widget-image\" data-id=\"6655126\" data-element_type=\"widget\" data-widget_type=\"image.default\">\n\t\t\t\t<div class=\"elementor-widget-container\">\n\t\t\t\t\t\t\t\t\t\t\t\t\t<img fetchpriority=\"high\" decoding=\"async\" width=\"1920\" height=\"1080\" src=\"https:\/\/vivesanlucardebarrameda.es\/wp-content\/uploads\/2023\/02\/header.jpg\" class=\"attachment-full size-full wp-image-5712\" alt=\"\" srcset=\"https:\/\/vivesanlucardebarrameda.es\/wp-content\/uploads\/2023\/02\/header.jpg 1920w, https:\/\/vivesanlucardebarrameda.es\/wp-content\/uploads\/2023\/02\/header-300x169.jpg 300w, https:\/\/vivesanlucardebarrameda.es\/wp-content\/uploads\/2023\/02\/header-1024x576.jpg 1024w, https:\/\/vivesanlucardebarrameda.es\/wp-content\/uploads\/2023\/02\/header-768x432.jpg 768w, https:\/\/vivesanlucardebarrameda.es\/wp-content\/uploads\/2023\/02\/header-1536x864.jpg 1536w, https:\/\/vivesanlucardebarrameda.es\/wp-content\/uploads\/2023\/02\/header-390x219.jpg 390w\" sizes=\"(max-width: 1920px) 100vw, 1920px\" \/>\t\t\t\t\t\t\t\t\t\t\t\t\t<\/div>\n\t\t\t\t<\/div>\n\t\t\t\t\t<\/div>\n\t\t<\/div>\n\t\t\t\t\t<\/div>\n\t\t<\/section>\n\t\t\t\t<section class=\"elementor-section elementor-top-section elementor-element elementor-element-658a3ad elementor-section-boxed elementor-section-height-default elementor-section-height-default\" data-id=\"658a3ad\" data-element_type=\"section\">\n\t\t\t\t\t\t<div class=\"elementor-container elementor-column-gap-default\">\n\t\t\t\t\t<div class=\"elementor-column elementor-col-50 elementor-top-column elementor-element elementor-element-6ede292\" data-id=\"6ede292\" data-element_type=\"column\" data-settings=\"{&quot;background_background&quot;:&quot;slideshow&quot;,&quot;background_slideshow_gallery&quot;:[],&quot;background_slideshow_loop&quot;:&quot;yes&quot;,&quot;background_slideshow_slide_duration&quot;:5000,&quot;background_slideshow_slide_transition&quot;:&quot;fade&quot;,&quot;background_slideshow_transition_duration&quot;:500}\">\n\t\t\t<div class=\"elementor-widget-wrap elementor-element-populated\">\n\t\t\t\t\t\t<div class=\"elementor-element elementor-element-e6929c7 elementor-widget elementor-widget-e_image_hover_effects\" data-id=\"e6929c7\" data-element_type=\"widget\" id=\"restaurant-image\" data-widget_type=\"e_image_hover_effects.default\">\n\t\t\t\t<div class=\"elementor-widget-container\">\n\t\t\t\t\t\t<a href=\"\/en\/restaurantes\/\">\n\t\t\t\t\t<div class=\"eihe-box eihe-fade-in-up eihe_center\">\n\t\t\t\t<img decoding=\"async\" width=\"960\" height=\"650\" src=\"https:\/\/vivesanlucardebarrameda.es\/wp-content\/uploads\/2023\/02\/restaurants-2.jpg\" class=\"attachment-full size-full wp-image-5865\" alt=\"\" srcset=\"https:\/\/vivesanlucardebarrameda.es\/wp-content\/uploads\/2023\/02\/restaurants-2.jpg 960w, https:\/\/vivesanlucardebarrameda.es\/wp-content\/uploads\/2023\/02\/restaurants-2-300x203.jpg 300w, https:\/\/vivesanlucardebarrameda.es\/wp-content\/uploads\/2023\/02\/restaurants-2-768x520.jpg 768w, https:\/\/vivesanlucardebarrameda.es\/wp-content\/uploads\/2023\/02\/restaurants-2-390x264.jpg 390w\" sizes=\"(max-width: 960px) 100vw, 960px\" \/>\t\t\t\t<div class=\"eihe-caption\">\n\t\t\t\t\t<div class=\"eihe-title-cover\">\n\t\t\t\t\t\t\t\t\t\t\t\t<h3 class=\"eihe-title\"><\/h3>\n\t\t\t\t\t\t\t\t\t\t\t<\/div>\n\t\t\t\t\t<p>La capital de la gastronom\u00eda hace honor a su t\u00edtulo con una oferta culinaria excelente que se adapta a todos los gustos y bolsillos.<\/p>\n\t\t\t\t<\/div>\n\t\t\t<\/div>\n\t\t\t\t\t<\/a>\n\t\t\t\t<\/div>\n\t\t\t\t<\/div>\n\t\t\t\t\t<\/div>\n\t\t<\/div>\n\t\t\t\t<div class=\"elementor-column elementor-col-50 elementor-top-column elementor-element elementor-element-6635c8b\" data-id=\"6635c8b\" data-element_type=\"column\" data-settings=\"{&quot;background_background&quot;:&quot;slideshow&quot;,&quot;background_slideshow_gallery&quot;:[],&quot;background_slideshow_loop&quot;:&quot;yes&quot;,&quot;background_slideshow_slide_duration&quot;:5000,&quot;background_slideshow_slide_transition&quot;:&quot;fade&quot;,&quot;background_slideshow_transition_duration&quot;:500}\">\n\t\t\t<div class=\"elementor-widget-wrap elementor-element-populated\">\n\t\t\t\t\t\t<div class=\"elementor-element elementor-element-91453f9 elementor-grid-2 elementor-grid-tablet-2 elementor-grid-mobile-1 elementor-posts--thumbnail-top elementor-widget elementor-widget-posts\" data-id=\"91453f9\" data-element_type=\"widget\" data-settings=\"{&quot;classic_columns&quot;:&quot;2&quot;,&quot;classic_columns_tablet&quot;:&quot;2&quot;,&quot;classic_columns_mobile&quot;:&quot;1&quot;,&quot;classic_row_gap&quot;:{&quot;unit&quot;:&quot;px&quot;,&quot;size&quot;:35,&quot;sizes&quot;:[]},&quot;classic_row_gap_tablet&quot;:{&quot;unit&quot;:&quot;px&quot;,&quot;size&quot;:&quot;&quot;,&quot;sizes&quot;:[]},&quot;classic_row_gap_mobile&quot;:{&quot;unit&quot;:&quot;px&quot;,&quot;size&quot;:&quot;&quot;,&quot;sizes&quot;:[]}}\" data-widget_type=\"posts.classic\">\n\t\t\t\t<div class=\"elementor-widget-container\">\n\t\t\t\t\t<div class=\"elementor-posts-container elementor-posts elementor-posts--skin-classic elementor-grid\">\n\t\t\t\t<article class=\"elementor-post elementor-grid-item post-238 post type-post status-publish format-standard has-post-thumbnail hentry category-uncategorized\">\n\t\t\t\t<a class=\"elementor-post__thumbnail__link\" href=\"https:\/\/vivesanlucardebarrameda.es\/en\/eventos\/\" >\n\t\t\t<div class=\"elementor-post__thumbnail\"><img decoding=\"async\" width=\"300\" height=\"199\" src=\"https:\/\/vivesanlucardebarrameda.es\/wp-content\/uploads\/2022\/02\/2-1-2-300x199.jpg\" class=\"attachment-medium size-medium wp-image-1485\" alt=\"\" srcset=\"https:\/\/vivesanlucardebarrameda.es\/wp-content\/uploads\/2022\/02\/2-1-2-300x199.jpg 300w, https:\/\/vivesanlucardebarrameda.es\/wp-content\/uploads\/2022\/02\/2-1-2.jpg 398w\" sizes=\"(max-width: 300px) 100vw, 300px\" \/><\/div>\n\t\t<\/a>\n\t\t\t\t<div class=\"elementor-post__text\">\n\t\t\t\t<h3 class=\"elementor-post__title\">\n\t\t\t<a href=\"https:\/\/vivesanlucardebarrameda.es\/en\/eventos\/\" >\n\t\t\t\tEVENTS\t\t\t<\/a>\n\t\t<\/h3>\n\t\t\t\t<div class=\"elementor-post__excerpt\">\n\t\t\t<p>Tastings, conferences, performances, festivities, &#8230; and many more events that you can enjoy in Sanl\u00facar de Barrameda. &nbsp;<\/p>\n\t\t<\/div>\n\t\t\t\t<\/div>\n\t\t\t\t<\/article>\n\t\t\t\t<article class=\"elementor-post elementor-grid-item post-1482 post type-post status-publish format-standard has-post-thumbnail hentry category-uncategorized\">\n\t\t\t\t<a class=\"elementor-post__thumbnail__link\" href=\"https:\/\/vivesanlucardebarrameda.es\/en\/aparcamiento-y-horarios\/\" >\n\t\t\t<div class=\"elementor-post__thumbnail\"><img loading=\"lazy\" decoding=\"async\" width=\"300\" height=\"199\" src=\"https:\/\/vivesanlucardebarrameda.es\/wp-content\/uploads\/2022\/02\/3-1-1-300x199.jpg\" class=\"attachment-medium size-medium wp-image-1007\" alt=\"\" srcset=\"https:\/\/vivesanlucardebarrameda.es\/wp-content\/uploads\/2022\/02\/3-1-1-300x199.jpg 300w, https:\/\/vivesanlucardebarrameda.es\/wp-content\/uploads\/2022\/02\/3-1-1.jpg 398w\" sizes=\"(max-width: 300px) 100vw, 300px\" \/><\/div>\n\t\t<\/a>\n\t\t\t\t<div class=\"elementor-post__text\">\n\t\t\t\t<h3 class=\"elementor-post__title\">\n\t\t\t<a href=\"https:\/\/vivesanlucardebarrameda.es\/en\/aparcamiento-y-horarios\/\" >\n\t\t\t\tSCHEDULES AND PARKINGS\t\t\t<\/a>\n\t\t<\/h3>\n\t\t\t\t<div class=\"elementor-post__excerpt\">\n\t\t\t<p>Information of schedules, festivities and openings. You will also find the means of access to Sanl\u00facar de Barrameda, and parking areas. SCHEDULES MONDAY TO FRIDAY<\/p>\n\t\t<\/div>\n\t\t\t\t<\/div>\n\t\t\t\t<\/article>\n\t\t\t\t<\/div>\n\t\t\n\t\t\t\t<\/div>\n\t\t\t\t<\/div>\n\t\t\t\t\t<\/div>\n\t\t<\/div>\n\t\t\t\t\t<\/div>\n\t\t<\/section>\n\t\t\t\t<section class=\"elementor-section elementor-top-section elementor-element elementor-element-3a0bfaf elementor-section-boxed elementor-section-height-default elementor-section-height-default\" data-id=\"3a0bfaf\" data-element_type=\"section\" data-settings=\"{&quot;background_background&quot;:&quot;slideshow&quot;,&quot;background_slideshow_gallery&quot;:[],&quot;background_slideshow_loop&quot;:&quot;yes&quot;,&quot;background_slideshow_slide_duration&quot;:5000,&quot;background_slideshow_slide_transition&quot;:&quot;fade&quot;,&quot;background_slideshow_transition_duration&quot;:500}\">\n\t\t\t\t\t\t<div class=\"elementor-container elementor-column-gap-default\">\n\t\t\t\t\t<div class=\"elementor-column elementor-col-100 elementor-top-column elementor-element elementor-element-95964ef\" data-id=\"95964ef\" data-element_type=\"column\">\n\t\t\t<div class=\"elementor-widget-wrap\">\n\t\t\t\t\t\t\t<\/div>\n\t\t<\/div>\n\t\t\t\t\t<\/div>\n\t\t<\/section>\n\t\t\t\t<section class=\"elementor-section elementor-top-section elementor-element elementor-element-c22b2d3 elementor-section-boxed elementor-section-height-default elementor-section-height-default\" data-id=\"c22b2d3\" data-element_type=\"section\" data-settings=\"{&quot;background_background&quot;:&quot;video&quot;,&quot;background_video_link&quot;:&quot;https:\\\/\\\/vivesanlucardebarrameda.es\\\/wp-content\\\/uploads\\\/2022\\\/02\\\/sea_edit_0.mp4&quot;,&quot;background_play_on_mobile&quot;:&quot;yes&quot;}\">\n\t\t\t\t\t\t\t\t<div class=\"elementor-background-video-container\">\n\t\t\t\t\t\t\t\t\t\t\t\t\t<video class=\"elementor-background-video-hosted elementor-html5-video\" autoplay muted playsinline loop><\/video>\n\t\t\t\t\t\t\t\t\t\t\t<\/div>\n\t\t\t\t\t\t\t\t<div class=\"elementor-container elementor-column-gap-default\">\n\t\t\t\t\t<div class=\"elementor-column elementor-col-100 elementor-top-column elementor-element elementor-element-3b4d026\" data-id=\"3b4d026\" data-element_type=\"column\">\n\t\t\t<div class=\"elementor-widget-wrap elementor-element-populated\">\n\t\t\t\t\t\t<div class=\"elementor-element elementor-element-49b63a7 elementor-widget elementor-widget-heading\" data-id=\"49b63a7\" data-element_type=\"widget\" data-widget_type=\"heading.default\">\n\t\t\t\t<div class=\"elementor-widget-container\">\n\t\t\t<h1 class=\"elementor-heading-title elementor-size-xxl\">SANL\u00daCAR DE BARRAMEDA<\/h1>\t\t<\/div>\n\t\t\t\t<\/div>\n\t\t\t\t<div class=\"elementor-element elementor-element-ae201e2 elementor-widget elementor-widget-heading\" data-id=\"ae201e2\" data-element_type=\"widget\" data-widget_type=\"heading.default\">\n\t\t\t\t<div class=\"elementor-widget-container\">\n\t\t\t<h2 class=\"elementor-heading-title elementor-size-xxl\">A place to STAY.<\/h2>\t\t<\/div>\n\t\t\t\t<\/div>\n\t\t\t\t<div class=\"elementor-element elementor-element-35199d9 elementor-widget__width-inherit elementor-widget elementor-widget-html\" data-id=\"35199d9\" data-element_type=\"widget\" data-widget_type=\"html.default\">\n\t\t\t\t<div class=\"elementor-widget-container\">\n\t\t\t<div class=\"\" style=\" min-height:100vh\" width= \"50%\"><\/div>\n\n\t\t<\/div>\n\t\t\t\t<\/div>\n\t\t\t\t\t<\/div>\n\t\t<\/div>\n\t\t\t\t\t<\/div>\n\t\t<\/section>\n\t\t\t\t<\/div>\n\t\t","protected":false},"excerpt":{"rendered":"<p>La capital de la gastronom\u00eda hace honor a su t\u00edtulo con una oferta culinaria excelente que se adapta a todos los gustos y bolsillos. &nbsp; SANL\u00daCAR DE BARRAMEDA A place to STAY.<\/p>\n","protected":false},"author":1,"featured_media":0,"parent":0,"menu_order":0,"comment_status":"closed","ping_status":"closed","template":"","meta":{"_acf_changed":false,"footnotes":""},"class_list":["post-228","page","type-page","status-publish","hentry"],"acf":[],"yoast_head":"<!-- This site is optimized with the Yoast SEO plugin v22.6 - https:\/\/yoast.com\/wordpress\/plugins\/seo\/ -->\n<title>VIVE Sanl\u00facar de Barrameda<\/title>\n<meta name=\"description\" content=\"VIVE Sanl\u00facar de Barrameda - Information space about restaurants and events in the gastronomic capital of Sanl\u00facar de Barrameda.\" \/>\n<meta name=\"robots\" content=\"index, follow, max-snippet:-1, max-image-preview:large, max-video-preview:-1\" \/>\n<link rel=\"canonical\" href=\"https:\/\/vivesanlucardebarrameda.es\/en\/\" \/>\n<meta property=\"og:locale\" content=\"en_US\" \/>\n<meta property=\"og:type\" content=\"article\" \/>\n<meta property=\"og:title\" content=\"VIVE Sanl\u00facar de Barrameda\" \/>\n<meta property=\"og:description\" content=\"VIVE Sanl\u00facar de Barrameda - Information space about restaurants and events in the gastronomic capital of Sanl\u00facar de Barrameda.\" \/>\n<meta property=\"og:url\" content=\"https:\/\/vivesanlucardebarrameda.es\/en\/\" \/>\n<meta property=\"og:site_name\" content=\"VIVE Sanl\u00facar de Barrameda\" \/>\n<meta property=\"article:modified_time\" content=\"2023-02-14T11:37:13+00:00\" \/>\n<meta property=\"og:image\" content=\"https:\/\/vivesanlucardebarrameda.es\/wp-content\/uploads\/2023\/02\/header.jpg\" \/>\n<meta name=\"twitter:card\" content=\"summary_large_image\" \/>\n<script type=\"application\/ld+json\" class=\"yoast-schema-graph\">{\"@context\":\"https:\/\/schema.org\",\"@graph\":[{\"@type\":\"WebPage\",\"@id\":\"https:\/\/vivesanlucardebarrameda.es\/en\/\",\"url\":\"https:\/\/vivesanlucardebarrameda.es\/en\/\",\"name\":\"VIVE Sanl\u00facar de Barrameda\",\"isPartOf\":{\"@id\":\"https:\/\/vivesanlucardebarrameda.es\/#website\"},\"primaryImageOfPage\":{\"@id\":\"https:\/\/vivesanlucardebarrameda.es\/en\/#primaryimage\"},\"image\":{\"@id\":\"https:\/\/vivesanlucardebarrameda.es\/en\/#primaryimage\"},\"thumbnailUrl\":\"https:\/\/vivesanlucardebarrameda.es\/wp-content\/uploads\/2023\/02\/header.jpg\",\"datePublished\":\"2022-02-21T11:04:27+00:00\",\"dateModified\":\"2023-02-14T11:37:13+00:00\",\"description\":\"VIVE Sanl\u00facar de Barrameda - Information space about restaurants and events in the gastronomic capital of Sanl\u00facar de Barrameda.\",\"breadcrumb\":{\"@id\":\"https:\/\/vivesanlucardebarrameda.es\/en\/#breadcrumb\"},\"inLanguage\":\"en-US\",\"potentialAction\":[{\"@type\":\"ReadAction\",\"target\":[\"https:\/\/vivesanlucardebarrameda.es\/en\/\"]}]},{\"@type\":\"ImageObject\",\"inLanguage\":\"en-US\",\"@id\":\"https:\/\/vivesanlucardebarrameda.es\/en\/#primaryimage\",\"url\":\"https:\/\/vivesanlucardebarrameda.es\/wp-content\/uploads\/2023\/02\/header.jpg\",\"contentUrl\":\"https:\/\/vivesanlucardebarrameda.es\/wp-content\/uploads\/2023\/02\/header.jpg\"},{\"@type\":\"BreadcrumbList\",\"@id\":\"https:\/\/vivesanlucardebarrameda.es\/en\/#breadcrumb\",\"itemListElement\":[{\"@type\":\"ListItem\",\"position\":1,\"name\":\"Portada\",\"item\":\"https:\/\/vivesanlucardebarrameda.es\/en\/\"},{\"@type\":\"ListItem\",\"position\":2,\"name\":\"Home\"}]},{\"@type\":\"WebSite\",\"@id\":\"https:\/\/vivesanlucardebarrameda.es\/#website\",\"url\":\"https:\/\/vivesanlucardebarrameda.es\/\",\"name\":\"VIVE Sanl\u00facar de Barrameda\",\"description\":\"Restaurantes, eventos, ...\",\"publisher\":{\"@id\":\"https:\/\/vivesanlucardebarrameda.es\/#organization\"},\"potentialAction\":[{\"@type\":\"SearchAction\",\"target\":{\"@type\":\"EntryPoint\",\"urlTemplate\":\"https:\/\/vivesanlucardebarrameda.es\/?s={search_term_string}\"},\"query-input\":\"required name=search_term_string\"}],\"inLanguage\":\"en-US\"},{\"@type\":\"Organization\",\"@id\":\"https:\/\/vivesanlucardebarrameda.es\/#organization\",\"name\":\"VIVE Sanl\u00facar de Barrameda\",\"url\":\"https:\/\/vivesanlucardebarrameda.es\/\",\"logo\":{\"@type\":\"ImageObject\",\"inLanguage\":\"en-US\",\"@id\":\"https:\/\/vivesanlucardebarrameda.es\/#\/schema\/logo\/image\/\",\"url\":\"https:\/\/vivesanlucardebarrameda.es\/wp-content\/uploads\/2023\/02\/cropped-logo_header.jpg\",\"contentUrl\":\"https:\/\/vivesanlucardebarrameda.es\/wp-content\/uploads\/2023\/02\/cropped-logo_header.jpg\",\"width\":534,\"height\":482,\"caption\":\"VIVE Sanl\u00facar de Barrameda\"},\"image\":{\"@id\":\"https:\/\/vivesanlucardebarrameda.es\/#\/schema\/logo\/image\/\"}}]}<\/script>\n<!-- \/ Yoast SEO plugin. -->","yoast_head_json":{"title":"VIVE Sanl\u00facar de Barrameda","description":"VIVE Sanl\u00facar de Barrameda - Information space about restaurants and events in the gastronomic capital of Sanl\u00facar de Barrameda.","robots":{"index":"index","follow":"follow","max-snippet":"max-snippet:-1","max-image-preview":"max-image-preview:large","max-video-preview":"max-video-preview:-1"},"canonical":"https:\/\/vivesanlucardebarrameda.es\/en\/","og_locale":"en_US","og_type":"article","og_title":"VIVE Sanl\u00facar de Barrameda","og_description":"VIVE Sanl\u00facar de Barrameda - Information space about restaurants and events in the gastronomic capital of Sanl\u00facar de Barrameda.","og_url":"https:\/\/vivesanlucardebarrameda.es\/en\/","og_site_name":"VIVE Sanl\u00facar de Barrameda","article_modified_time":"2023-02-14T11:37:13+00:00","og_image":[{"url":"https:\/\/vivesanlucardebarrameda.es\/wp-content\/uploads\/2023\/02\/header.jpg"}],"twitter_card":"summary_large_image","schema":{"@context":"https:\/\/schema.org","@graph":[{"@type":"WebPage","@id":"https:\/\/vivesanlucardebarrameda.es\/en\/","url":"https:\/\/vivesanlucardebarrameda.es\/en\/","name":"VIVE Sanl\u00facar de Barrameda","isPartOf":{"@id":"https:\/\/vivesanlucardebarrameda.es\/#website"},"primaryImageOfPage":{"@id":"https:\/\/vivesanlucardebarrameda.es\/en\/#primaryimage"},"image":{"@id":"https:\/\/vivesanlucardebarrameda.es\/en\/#primaryimage"},"thumbnailUrl":"https:\/\/vivesanlucardebarrameda.es\/wp-content\/uploads\/2023\/02\/header.jpg","datePublished":"2022-02-21T11:04:27+00:00","dateModified":"2023-02-14T11:37:13+00:00","description":"VIVE Sanl\u00facar de Barrameda - Information space about restaurants and events in the gastronomic capital of Sanl\u00facar de Barrameda.","breadcrumb":{"@id":"https:\/\/vivesanlucardebarrameda.es\/en\/#breadcrumb"},"inLanguage":"en-US","potentialAction":[{"@type":"ReadAction","target":["https:\/\/vivesanlucardebarrameda.es\/en\/"]}]},{"@type":"ImageObject","inLanguage":"en-US","@id":"https:\/\/vivesanlucardebarrameda.es\/en\/#primaryimage","url":"https:\/\/vivesanlucardebarrameda.es\/wp-content\/uploads\/2023\/02\/header.jpg","contentUrl":"https:\/\/vivesanlucardebarrameda.es\/wp-content\/uploads\/2023\/02\/header.jpg"},{"@type":"BreadcrumbList","@id":"https:\/\/vivesanlucardebarrameda.es\/en\/#breadcrumb","itemListElement":[{"@type":"ListItem","position":1,"name":"Portada","item":"https:\/\/vivesanlucardebarrameda.es\/en\/"},{"@type":"ListItem","position":2,"name":"Home"}]},{"@type":"WebSite","@id":"https:\/\/vivesanlucardebarrameda.es\/#website","url":"https:\/\/vivesanlucardebarrameda.es\/","name":"VIVE Sanl\u00facar de Barrameda","description":"Restaurantes, eventos, ...","publisher":{"@id":"https:\/\/vivesanlucardebarrameda.es\/#organization"},"potentialAction":[{"@type":"SearchAction","target":{"@type":"EntryPoint","urlTemplate":"https:\/\/vivesanlucardebarrameda.es\/?s={search_term_string}"},"query-input":"required name=search_term_string"}],"inLanguage":"en-US"},{"@type":"Organization","@id":"https:\/\/vivesanlucardebarrameda.es\/#organization","name":"VIVE Sanl\u00facar de Barrameda","url":"https:\/\/vivesanlucardebarrameda.es\/","logo":{"@type":"ImageObject","inLanguage":"en-US","@id":"https:\/\/vivesanlucardebarrameda.es\/#\/schema\/logo\/image\/","url":"https:\/\/vivesanlucardebarrameda.es\/wp-content\/uploads\/2023\/02\/cropped-logo_header.jpg","contentUrl":"https:\/\/vivesanlucardebarrameda.es\/wp-content\/uploads\/2023\/02\/cropped-logo_header.jpg","width":534,"height":482,"caption":"VIVE Sanl\u00facar de Barrameda"},"image":{"@id":"https:\/\/vivesanlucardebarrameda.es\/#\/schema\/logo\/image\/"}}]}},"_links":{"self":[{"href":"https:\/\/vivesanlucardebarrameda.es\/en\/wp-json\/wp\/v2\/pages\/228","targetHints":{"allow":["GET"]}}],"collection":[{"href":"https:\/\/vivesanlucardebarrameda.es\/en\/wp-json\/wp\/v2\/pages"}],"about":[{"href":"https:\/\/vivesanlucardebarrameda.es\/en\/wp-json\/wp\/v2\/types\/page"}],"author":[{"embeddable":true,"href":"https:\/\/vivesanlucardebarrameda.es\/en\/wp-json\/wp\/v2\/users\/1"}],"replies":[{"embeddable":true,"href":"https:\/\/vivesanlucardebarrameda.es\/en\/wp-json\/wp\/v2\/comments?post=228"}],"version-history":[{"count":69,"href":"https:\/\/vivesanlucardebarrameda.es\/en\/wp-json\/wp\/v2\/pages\/228\/revisions"}],"predecessor-version":[{"id":5874,"href":"https:\/\/vivesanlucardebarrameda.es\/en\/wp-json\/wp\/v2\/pages\/228\/revisions\/5874"}],"wp:attachment":[{"href":"https:\/\/vivesanlucardebarrameda.es\/en\/wp-json\/wp\/v2\/media?parent=228"}],"curies":[{"name":"wp","href":"https:\/\/api.w.org\/{rel}","templated":true}]}}